{"id":534,"date":"2025-08-23T18:29:16","date_gmt":"2025-08-23T16:29:16","guid":{"rendered":"https:\/\/biodiverscite17.fr\/?page_id=534"},"modified":"2025-08-31T15:45:18","modified_gmt":"2025-08-31T13:45:18","slug":"ferme-en-ferme","status":"publish","type":"page","link":"https:\/\/biodiverscite17.fr\/index.php\/ferme-en-ferme\/","title":{"rendered":"De ferme en ferme \u00e0 v\u00e9lo"},"content":{"rendered":"\n<div class=\"wp-block-media-text is-stacked-on-mobile\" style=\"grid-template-columns:41% auto\"><figure class=\"wp-block-media-text__media\"><img loading=\"lazy\" decoding=\"async\" width=\"724\" height=\"1024\" src=\"http:\/\/biodiverscite17.fr\/wp-content\/uploads\/2025\/08\/afffiche-20-septembre-de-ferme-en-ferme-724x1024.jpg\" alt=\"\" class=\"wp-image-551 size-full\" srcset=\"https:\/\/biodiverscite17.fr\/wp-content\/uploads\/2025\/08\/afffiche-20-septembre-de-ferme-en-ferme-724x1024.jpg 724w, https:\/\/biodiverscite17.fr\/wp-content\/uploads\/2025\/08\/afffiche-20-septembre-de-ferme-en-ferme-212x300.jpg 212w, https:\/\/biodiverscite17.fr\/wp-content\/uploads\/2025\/08\/afffiche-20-septembre-de-ferme-en-ferme-768x1086.jpg 768w, https:\/\/biodiverscite17.fr\/wp-content\/uploads\/2025\/08\/afffiche-20-septembre-de-ferme-en-ferme-1086x1536.jpg 1086w, https:\/\/biodiverscite17.fr\/wp-content\/uploads\/2025\/08\/afffiche-20-septembre-de-ferme-en-ferme.jpg 1414w\" sizes=\"auto, (max-width: 724px) 100vw, 724px\" \/><\/figure><div class=\"wp-block-media-text__content\">\n<p><a href=\"#programme\" data-type=\"internal\" data-id=\"#programme\"><strong>Programme de la journ\u00e9e<\/strong><\/a><\/p>\n\n\n\n<p><a href=\"#circuit\" data-type=\"internal\" data-id=\"#circuit\"><strong>Circuit<\/strong><\/a><\/p>\n\n\n\n<p><a href=\"#producteurs\"><strong>Liste des producteurs<\/strong><\/a><\/p>\n\n\n\n<ul class=\"wp-block-list has-contrast-color has-text-color has-link-color has-small-font-size wp-elements-354dabce9eb0df2c9add6043e3200329\">\n<li><strong><a href=\"#armelys\">Aux jardins d\u2019Armelys<\/a><\/strong><\/li>\n<\/ul>\n\n\n\n<ul class=\"wp-block-list has-contrast-color has-text-color has-link-color has-small-font-size wp-elements-a07a710eb721006861a28995681b0d37\">\n<li><strong><a href=\"#malleville\">Les jardins de Malleville<\/a><\/strong><\/li>\n<\/ul>\n\n\n\n<ul class=\"wp-block-list has-contrast-color has-text-color has-link-color has-small-font-size wp-elements-1aaaacf7ceef47f453c2df5853a53b55\">\n<li><strong><a href=\"#biguenet\">Les vergers de Biguenet<\/a><\/strong><\/li>\n<\/ul>\n\n\n\n<ul class=\"wp-block-list has-contrast-color has-text-color has-link-color has-small-font-size wp-elements-dbff4a24c9c2473718132c675280dcae\">\n<li><strong><a href=\"#rondellerie\">Ferme de la Rondellerie<\/a><\/strong><\/li>\n<\/ul>\n\n\n\n<ul class=\"wp-block-list has-contrast-color has-text-color has-link-color has-small-font-size wp-elements-bbe1255257b9f8f891ff1078f441008d\">\n<li><strong><a href=\"#chauvilliere\">Domaine de la Chauvilli\u00e8re<\/a><\/strong><\/li>\n<\/ul>\n\n\n\n<ul class=\"wp-block-list has-contrast-color has-text-color has-link-color has-small-font-size wp-elements-5e689f19ba15cf7b3ea78250c4b5e594\">\n<li><strong><a href=\"#mamadiza\">Mamadiza \u2013 Les Gabirottes<\/a><\/strong><\/li>\n<\/ul>\n\n\n\n<ul class=\"wp-block-list has-contrast-color has-text-color has-link-color has-small-font-size wp-elements-7a45fc828754db9c4533e7bc32ce6bdf\">\n<li><strong><a href=\"#dimitri\">Famille Sallaud-Pillet &#8211; EARL Boubes<\/a><\/strong><\/li>\n<\/ul>\n\n\n\n<ul class=\"wp-block-list has-contrast-color has-text-color has-link-color has-small-font-size wp-elements-89d71de3267647dd15334dace933e5b0\">\n<li><strong><a href=\"#saveurs-paysannes\" data-type=\"internal\" data-id=\"#saveurs-paysannes\">Saveurs Paysannes charentaises<\/a><\/strong><\/li>\n<\/ul>\n\n\n\n<p><a href=\"#associations\"><strong>Associations organisatrices<\/strong><\/a><\/p>\n<\/div><\/div>\n\n\n\n<hr class=\"wp-block-separator has-text-color has-secondary-color has-alpha-channel-opacity has-secondary-background-color has-background is-style-wide\"\/>\n\n\n\n<h2 class=\"wp-block-heading has-text-align-center has-secondary-color has-text-color has-link-color wp-elements-46ee1d64427c5dcce45dcb35f7c946c8\" id=\"programme\">Programme<\/h2>\n\n\n\n<p class=\"has-luminous-vivid-amber-color has-text-color has-link-color wp-elements-0df2226d098829872842943dae37a44d\"><strong>Circuit v\u00e9lo \u201crencontre des producteurs\u201d<\/strong><\/p>\n\n\n\n<p class=\"has-contrast-color has-text-color has-link-color wp-elements-a9b08fb8e18d58bd05b3db5339eca4fe\"><strong>A partir de 9h30<\/strong><\/p>\n\n\n\n<p>Rendez-vous des cyclistes au parking du cimeti\u00e8re \u00e0<strong> Saujon<\/strong> <em>(pour ceux qui arrivent par le train de 9h39 \u00e0 la gare, il faut 7\/8 mn pour rejoindre le parking)<\/em><\/p>\n\n\n\n<p><strong>Aux<\/strong><strong> jardins d\u2019Armelys<\/strong> chez Fr\u00e9d\u00e9ric Gombaut<\/p>\n\n\n\n<p><strong>Les jardins de Malleville<\/strong> chez Yohann Hermineau<\/p>\n\n\n\n<p><em>(pause d\u00e9jeuner de 2h avec pique-nique tir\u00e9 du sac &#8211; boissons offertes par VPR)<\/em><\/p>\n\n\n\n<p><strong>Les Vergers de Biguenet<\/strong> chez Soufiane &amp; Issam Hachmi<\/p>\n\n\n\n<p><strong>La ferme de la Rondellerie<\/strong> chez Juliette &amp; Etienne Morel<\/p>\n\n\n\n<p>Passage par l\u2019<strong>Abbaye de Sablonceaux<\/strong><\/p>\n\n\n\n<p>Arriv\u00e9e au <strong>Domaine de la Chauvilli\u00e8re<\/strong> pour continuer l\u2019apr\u00e8s-midi de mani\u00e8re festive<\/p>\n\n\n\n<p class=\"has-contrast-color has-text-color has-link-color wp-elements-572f07b9cab5689f8219b7ca5267b030\"><strong>D\u00e9part 18h<\/strong> pour les cyclistes qui veulent terminer la boucle en v\u00e9lo<\/p>\n\n\n\n<p class=\"has-luminous-vivid-amber-color has-text-color has-link-color wp-elements-93e7644a9f71121fe77beaa82de1c897\"><strong>Apr\u00e8s-midi festif ouvert \u00e0 tous<\/strong><\/p>\n\n\n\n<p><strong>A partir de 14h30<\/strong> rendez-vous au <strong>Domaine de la Chauvilli\u00e8re<\/strong> pour un grand apr\u00e8s-midi festif en musique<\/p>\n\n\n\n<ul class=\"wp-block-list\">\n<li>stands d\u2019associations et de producteurs<\/li>\n\n\n\n<li>diverses animations pour petits et grands<\/li>\n\n\n\n<li>bar de boissons locales<\/li>\n\n\n\n<li>cr\u00eapes aux saveurs locales<\/li>\n<\/ul>\n\n\n\n<p><strong>A partir de 18h<\/strong> assiettes dinatoires de produits locaux et animation DJ Set<\/p>\n\n\n\n<p><strong>20h30 <\/strong>Fin de l\u2019\u00e9v\u00e8nement<\/p>\n\n\n\n<hr class=\"wp-block-separator has-text-color has-secondary-color has-alpha-channel-opacity has-secondary-background-color has-background is-style-wide\"\/>\n\n\n\n<h2 class=\"wp-block-heading has-text-align-center has-secondary-color has-text-color has-link-color wp-elements-dfeef1f958ec9fe7eda311a6e754afa6\" id=\"circuit\">Circuit<\/h2>\n\n\n\n<figure class=\"wp-block-image aligncenter size-full\"><img loading=\"lazy\" decoding=\"async\" width=\"619\" height=\"831\" src=\"https:\/\/biodiverscite17.fr\/wp-content\/uploads\/2025\/08\/circuit-20-septembre-de-ferme-en-ferme.jpg\" alt=\"\" class=\"wp-image-552\" srcset=\"https:\/\/biodiverscite17.fr\/wp-content\/uploads\/2025\/08\/circuit-20-septembre-de-ferme-en-ferme.jpg 619w, https:\/\/biodiverscite17.fr\/wp-content\/uploads\/2025\/08\/circuit-20-septembre-de-ferme-en-ferme-223x300.jpg 223w\" sizes=\"auto, (max-width: 619px) 100vw, 619px\" \/><\/figure>\n\n\n\n<hr class=\"wp-block-separator has-text-color has-secondary-color has-alpha-channel-opacity has-secondary-background-color has-background is-style-wide\"\/>\n\n\n\n<h2 class=\"wp-block-heading has-text-align-center has-secondary-color has-text-color has-link-color wp-elements-f5344723575cae7c82892cf2763bf05a\" id=\"producteurs\">Liste des producteurs<\/h2>\n\n\n\n<h5 class=\"wp-block-heading has-base-color has-secondary-background-color has-text-color has-background has-link-color wp-elements-ca90811796b029b100747ca81c3ea863\" id=\"armelys\"><strong>Aux jardins d\u2019Armelys<\/strong> <\/h5>\n\n\n\n<div class=\"wp-block-media-text is-stacked-on-mobile\" style=\"grid-template-columns:33% auto\"><figure class=\"wp-block-media-text__media\"><img loading=\"lazy\" decoding=\"async\" width=\"469\" height=\"352\" src=\"https:\/\/biodiverscite17.fr\/wp-content\/uploads\/2025\/08\/aux-jardins-darmelys-1.png\" alt=\"\" class=\"wp-image-554 size-full\" srcset=\"https:\/\/biodiverscite17.fr\/wp-content\/uploads\/2025\/08\/aux-jardins-darmelys-1.png 469w, https:\/\/biodiverscite17.fr\/wp-content\/uploads\/2025\/08\/aux-jardins-darmelys-1-300x225.png 300w\" sizes=\"auto, (max-width: 469px) 100vw, 469px\" \/><\/figure><div class=\"wp-block-media-text__content\">\n<p><strong>Fr\u00e9d\u00e9ric GOMBAUD<\/strong><br><strong>Rue de Saintonge<\/strong><br><strong>Lieu-dit la Croix du Bourdon<\/strong><br><strong>17600 SAUJON<\/strong><\/p>\n\n\n\n<p><strong>Vente \u00e0 la propri\u00e9t\u00e9<\/strong> toute l\u2019ann\u00e9e du lundi au vendredi, de 9h \u00e0 12h et de 14h30 \u00e0 17h. Le samedi de 9h \u00e0 12h<\/p>\n\n\n\n<figure class=\"wp-block-image size-full is-resized\"><img loading=\"lazy\" decoding=\"async\" width=\"157\" height=\"200\" src=\"http:\/\/biodiverscite17.fr\/wp-content\/uploads\/2025\/08\/logo-jardins-armelys.jpg\" alt=\"\" class=\"wp-image-556\" style=\"width:106px;height:auto\"\/><\/figure>\n<\/div><\/div>\n\n\n\n<p>Fr\u00e9d\u00e9ric produit des l\u00e9gumes, des aromatiques et des fleurs comestibles, le tout certifi\u00e9 bio par Ecocert. La plupart sont des vari\u00e9t\u00e9s anciennes ou originales par leur couleur ou leur forme.<br><br><strong>Produits<\/strong>&nbsp;:<br>&#8211; Butternut, courge spaghetti, patate douce <strong>en automne et hiver<\/strong><br>&#8211; Blette et pommes de terre <strong>toute l\u2019ann\u00e9e<\/strong><br>&#8211; Aromatiques et fleurs comestibles <strong>de f\u00e9vrier octobre<\/strong><br>&#8211; Courgette, tomate, aubergine, haricot vert, arroche <strong>tout l\u2019\u00e9t\u00e9<\/strong><br><br><strong><a href=\"http:\/\/www.auxjardinsdarmelys.fr\/\" target=\"_blank\" rel=\"noreferrer noopener\">www.auxjardinsdarmelys.fr<\/a><\/strong><\/p>\n\n\n\n<h5 class=\"wp-block-heading has-base-color has-secondary-background-color has-text-color has-background has-link-color wp-elements-77e81fabd37871a65f5d86becc28b6e5\" id=\"malleville\"><strong><strong>Les jardins de Malleville<\/strong><\/strong> <\/h5>\n\n\n\n<div class=\"wp-block-media-text is-stacked-on-mobile\" style=\"grid-template-columns:33% auto\"><figure class=\"wp-block-media-text__media\"><img loading=\"lazy\" decoding=\"async\" width=\"534\" height=\"482\" src=\"https:\/\/biodiverscite17.fr\/wp-content\/uploads\/2025\/08\/jardins-de-malleville.png\" alt=\"\" class=\"wp-image-558 size-full\" srcset=\"https:\/\/biodiverscite17.fr\/wp-content\/uploads\/2025\/08\/jardins-de-malleville.png 534w, https:\/\/biodiverscite17.fr\/wp-content\/uploads\/2025\/08\/jardins-de-malleville-300x271.png 300w\" sizes=\"auto, (max-width: 534px) 100vw, 534px\" \/><\/figure><div class=\"wp-block-media-text__content\">\n<p><strong>Yoann HERMINEAUD<br>Malleville<br>17600 SAINT ROMAIN DE BENET<\/strong><\/p>\n\n\n\n<p><strong>March\u00e9 de Saujon<\/strong> le samedi matin<br><strong>March\u00e9 de Mornac<\/strong> le mercredi matin<\/p>\n\n\n\n<figure class=\"wp-block-image size-full is-resized\"><img loading=\"lazy\" decoding=\"async\" width=\"301\" height=\"303\" src=\"https:\/\/biodiverscite17.fr\/wp-content\/uploads\/2025\/08\/logo-jardins-de-malleville.jpg\" alt=\"\" class=\"wp-image-557\" style=\"width:166px;height:auto\" srcset=\"https:\/\/biodiverscite17.fr\/wp-content\/uploads\/2025\/08\/logo-jardins-de-malleville.jpg 301w, https:\/\/biodiverscite17.fr\/wp-content\/uploads\/2025\/08\/logo-jardins-de-malleville-298x300.jpg 298w, https:\/\/biodiverscite17.fr\/wp-content\/uploads\/2025\/08\/logo-jardins-de-malleville-150x150.jpg 150w\" sizes=\"auto, (max-width: 301px) 100vw, 301px\" \/><\/figure>\n<\/div><\/div>\n\n\n\n<p>Sur sa micro ferme eco\u2019logik, Yohann cultive des l\u00e9gumes avec amour et respect de l\u2019environnement et des saisons. Son mara\u00eechage 100% naturel est influenc\u00e9 par la permaculture, l\u2019agroforesterie et le mara\u00eechage sol vivant. Il a \u00e9galement cr\u00e9\u00e9 une petite ferme p\u00e9dagogique avec quelques animaux. Pas de visite sur place mais r\u00e9pond \u00e0 la demande pour le contact th\u00e9rapeutique avec les animaux.<br><strong>Produits&nbsp;:<\/strong><br>\u2022 Fruits et l\u00e9gumes de saison <strong>toute l\u2019ann\u00e9e<\/strong><br>\u2022 Fines herbes fraiches <strong>de f\u00e9vrier octobre<\/strong><br><br><a href=\"http:\/\/www.facebook.com\/jardinsdemalleville\" target=\"_blank\" rel=\"noreferrer noopener\"><strong>www.facebook.com\/jardinsdemalleville<\/strong><\/a><\/p>\n\n\n\n<h5 class=\"wp-block-heading has-base-color has-secondary-background-color has-text-color has-background has-link-color wp-elements-b7ebe033a04a489e1c2dd64b0c19b740\" id=\"biguenet\"><strong>Les vergers de Biguenet<\/strong><\/h5>\n\n\n\n<div class=\"wp-block-media-text is-stacked-on-mobile\" style=\"grid-template-columns:33% auto\"><figure class=\"wp-block-media-text__media\"><img loading=\"lazy\" decoding=\"async\" width=\"642\" height=\"524\" src=\"https:\/\/biodiverscite17.fr\/wp-content\/uploads\/2025\/08\/vergers-de-biguenet.png\" alt=\"\" class=\"wp-image-560 size-full\" srcset=\"https:\/\/biodiverscite17.fr\/wp-content\/uploads\/2025\/08\/vergers-de-biguenet.png 642w, https:\/\/biodiverscite17.fr\/wp-content\/uploads\/2025\/08\/vergers-de-biguenet-300x245.png 300w\" sizes=\"auto, (max-width: 642px) 100vw, 642px\" \/><\/figure><div class=\"wp-block-media-text__content\">\n<p><strong>Soufiane &amp; Issam HACHMI<br>61 route de Biguenet<br>17600 SABLONCEAUX<\/strong><\/p>\n\n\n\n<p><strong>Vente \u00e0 la propri\u00e9t\u00e9<\/strong> toute l\u2019ann\u00e9e le mercredi de 14h \u00e0 18h, le vendredi de 10h30 \u00e0 12h30 et de 16h \u00e0 18h, le samedi de 9h30 \u00e0 12h et de 14h \u00e0 18h.<br><strong>March\u00e9 bio \u00e0 Arvert<\/strong> d\u2019octobre \u00e0 mai le vendredi de 16h \u00e0 19h<\/p>\n\n\n\n<figure class=\"wp-block-image size-full is-resized\"><img loading=\"lazy\" decoding=\"async\" width=\"242\" height=\"240\" src=\"https:\/\/biodiverscite17.fr\/wp-content\/uploads\/2025\/08\/logo-verger-de-biguenet.jpg\" alt=\"\" class=\"wp-image-559\" style=\"width:166px;height:auto\" srcset=\"https:\/\/biodiverscite17.fr\/wp-content\/uploads\/2025\/08\/logo-verger-de-biguenet.jpg 242w, https:\/\/biodiverscite17.fr\/wp-content\/uploads\/2025\/08\/logo-verger-de-biguenet-150x150.jpg 150w\" sizes=\"auto, (max-width: 242px) 100vw, 242px\" \/><\/figure>\n<\/div><\/div>\n\n\n\n<p>Issam et Soufiane sont deux fr\u00e8res install\u00e9s depuis 2020 sur une quinzaine d\u2019hectares dont 7ha de vergers. Une reconversion professionnelle avec comme leitmotiv de faire naitre de la terre des produits savoureux de qualit\u00e9 tout en pr\u00e9servant l\u2019\u00e9cosyst\u00e8me qui nous entoure, les a amen\u00e9 tr\u00e8s naturellement vers une agriculture biologique.<br><strong>Produits&nbsp;:<\/strong><br><strong>Toute l\u2019ann\u00e9e<\/strong><br>\u2022 Pommes (belchard, rougele, daliclass, story\u2026) et poires<br>\u2022 Jus de pommes, p\u00e9tillant de pommes, cidre<br>\u2022 Pur\u00e9e de pommes<br><br><a href=\"http:\/\/www.facebook.com\/vergersbiguenet\" target=\"_blank\" rel=\"noreferrer noopener\"><strong>www.facebook.com\/vergersbiguenet<\/strong><\/a><\/p>\n\n\n\n<h5 class=\"wp-block-heading has-base-color has-secondary-background-color has-text-color has-background has-link-color wp-elements-398b13d749046965923bb4a4816e1abd\" id=\"rondellerie\"><strong><strong>Ferme de la Rondellerie<\/strong><\/strong><\/h5>\n\n\n\n<div class=\"wp-block-media-text is-stacked-on-mobile\" style=\"grid-template-columns:33% auto\"><figure class=\"wp-block-media-text__media\"><img loading=\"lazy\" decoding=\"async\" width=\"697\" height=\"529\" src=\"https:\/\/biodiverscite17.fr\/wp-content\/uploads\/2025\/08\/ferme-la-rondellerie.png\" alt=\"\" class=\"wp-image-561 size-full\" srcset=\"https:\/\/biodiverscite17.fr\/wp-content\/uploads\/2025\/08\/ferme-la-rondellerie.png 697w, https:\/\/biodiverscite17.fr\/wp-content\/uploads\/2025\/08\/ferme-la-rondellerie-300x228.png 300w\" sizes=\"auto, (max-width: 697px) 100vw, 697px\" \/><\/figure><div class=\"wp-block-media-text__content\">\n<p><strong>Juliette &amp; Etienne MOREL<br>55 route de la Rondellerie<br>17600 SABLONCEAUX<\/strong><\/p>\n\n\n\n<p><strong>Vente \u00e0 la propri\u00e9t\u00e9<\/strong> de janvier \u00e0 octobre, du lundi au samedi sauf le vendredi apr\u00e8s-midi<br><strong>March\u00e9 bio \u00e0 Arvert<\/strong> le vendredi de 16h \u00e0 19h<\/p>\n\n\n\n<figure class=\"wp-block-image size-full is-resized\"><img loading=\"lazy\" decoding=\"async\" width=\"374\" height=\"178\" src=\"https:\/\/biodiverscite17.fr\/wp-content\/uploads\/2025\/08\/logo-la-rondellerie.jpg\" alt=\"\" class=\"wp-image-562\" style=\"width:240px\" srcset=\"https:\/\/biodiverscite17.fr\/wp-content\/uploads\/2025\/08\/logo-la-rondellerie.jpg 374w, https:\/\/biodiverscite17.fr\/wp-content\/uploads\/2025\/08\/logo-la-rondellerie-300x143.jpg 300w\" sizes=\"auto, (max-width: 374px) 100vw, 374px\" \/><\/figure>\n<\/div><\/div>\n\n\n\n<p>Juliette et Etienne propose des produits issus de leurs 140 brebis laiti\u00e8res sur une exploitation familiale engag\u00e9e en agriculture biologique.<br><strong>Produits&nbsp;:<\/strong><br>\u2022 Tomme de brebis toute l\u2019ann\u00e9e<br>\u2022 Fromage frais et Yaourt de brebis de janvier \u00e0 juillet<br>\u2022 Viande d\u2019agneau, de veau, de b\u0153uf et de mouton toute l\u2019ann\u00e9e<br><br><a href=\"http:\/\/www.la-rondellerie.fr\" target=\"_blank\" rel=\"noreferrer noopener\"><strong>www.la-rondellerie.fr<\/strong><\/a><\/p>\n\n\n\n<h5 class=\"wp-block-heading has-base-color has-secondary-background-color has-text-color has-background has-link-color wp-elements-f30a7c583bcb5438ddf0ee546b56e83b\" id=\"chauvilliere\"><strong><strong><strong>Domaine de la Chauvilli\u00e8re<\/strong><\/strong><\/strong><\/h5>\n\n\n\n<div class=\"wp-block-media-text is-stacked-on-mobile\" style=\"grid-template-columns:37% auto\"><figure class=\"wp-block-media-text__media\"><img loading=\"lazy\" decoding=\"async\" width=\"712\" height=\"523\" src=\"https:\/\/biodiverscite17.fr\/wp-content\/uploads\/2025\/08\/domaine-chauvilliere.png\" alt=\"\" class=\"wp-image-564 size-full\" srcset=\"https:\/\/biodiverscite17.fr\/wp-content\/uploads\/2025\/08\/domaine-chauvilliere.png 712w, https:\/\/biodiverscite17.fr\/wp-content\/uploads\/2025\/08\/domaine-chauvilliere-300x220.png 300w\" sizes=\"auto, (max-width: 712px) 100vw, 712px\" \/><\/figure><div class=\"wp-block-media-text__content\">\n<p><strong>SCEA HAUSELMANN et fils<br>Chemin de la Chauvilli\u00e8re<br>17600 SABLONCEAUX<\/strong><\/p>\n\n\n\n<p><strong>Vente \u00e0 la propri\u00e9t\u00e9<\/strong> toute l\u2019ann\u00e9e tous les jours de 10h \u00e0 12h et de 13h30 \u00e0 19h, ferm\u00e9 les dimanche et jours f\u00e9ri\u00e9s<\/p>\n\n\n\n<figure class=\"wp-block-image size-full is-resized\"><img loading=\"lazy\" decoding=\"async\" width=\"355\" height=\"227\" src=\"https:\/\/biodiverscite17.fr\/wp-content\/uploads\/2025\/08\/logo-chauvilliere.jpg\" alt=\"\" class=\"wp-image-565\" style=\"width:240px\" srcset=\"https:\/\/biodiverscite17.fr\/wp-content\/uploads\/2025\/08\/logo-chauvilliere.jpg 355w, https:\/\/biodiverscite17.fr\/wp-content\/uploads\/2025\/08\/logo-chauvilliere-300x192.jpg 300w\" sizes=\"auto, (max-width: 355px) 100vw, 355px\" \/><\/figure>\n<\/div><\/div>\n\n\n\n<p>De la vigne \u00e0 la bouteille, la famille Hauselmann r\u00e9alise elle-m\u00eame toutes les \u00e9tapes au domaine et adore partager et d\u00e9voiler ses secrets, une visite s\u2019impose&nbsp;!<br><strong>Produits&nbsp;:<\/strong><br><strong>Toute l\u2019ann\u00e9e<\/strong><br>\u2022 Pineau blanc et ros\u00e9, vieux<br>\u2022 Cognac VS, VSOP, XO<br>\u2022 IGP Vins charentais<br>\u25e6 Blanc chardonnay et sauvignon<br>\u25e6 Ros\u00e9 merlot<br>\u25e6 Rouge merlot<br>Kiwi <strong>de fin d\u00e9cembre \u00e0 mars<\/strong><br><br><a href=\"https:\/\/www.domainedelachauvilliere.com\/\" target=\"_blank\" rel=\"noreferrer noopener\"><strong>www.domainedelachauvilliere.com<\/strong><\/a><\/p>\n\n\n\n<h5 class=\"wp-block-heading has-base-color has-secondary-background-color has-text-color has-background has-link-color wp-elements-0017935165d46ae1f0203020c08ed3fe\" id=\"mamadiza\"><strong><strong><strong><strong>Mamadiza \u2013 Les Gabirottes<\/strong><\/strong><\/strong><\/strong><\/h5>\n\n\n\n<div class=\"wp-block-media-text is-stacked-on-mobile\" style=\"grid-template-columns:33% auto\"><figure class=\"wp-block-media-text__media\"><img loading=\"lazy\" decoding=\"async\" width=\"960\" height=\"640\" src=\"https:\/\/biodiverscite17.fr\/wp-content\/uploads\/2025\/08\/mamdiza.jpg\" alt=\"\" class=\"wp-image-567 size-full\" srcset=\"https:\/\/biodiverscite17.fr\/wp-content\/uploads\/2025\/08\/mamdiza.jpg 960w, https:\/\/biodiverscite17.fr\/wp-content\/uploads\/2025\/08\/mamdiza-300x200.jpg 300w, https:\/\/biodiverscite17.fr\/wp-content\/uploads\/2025\/08\/mamdiza-768x512.jpg 768w\" sizes=\"auto, (max-width: 960px) 100vw, 960px\" \/><\/figure><div class=\"wp-block-media-text__content\">\n<p><strong>Adiza MOUSSET<br>7bis rue des Sauniers<br>17600 Le GUA<\/strong><\/p>\n\n\n\n<p><strong>Vente \u00e0 la propri\u00e9t\u00e9<\/strong> le vendredi de 15h \u00e0 19h<br><strong>March\u00e9 d\u2019Arvert<\/strong> le mercredi matin<br><strong>March\u00e9 de Saujon<\/strong> le samedi matin<\/p>\n\n\n\n<figure class=\"wp-block-image size-full is-resized\"><img loading=\"lazy\" decoding=\"async\" width=\"180\" height=\"180\" src=\"https:\/\/biodiverscite17.fr\/wp-content\/uploads\/2025\/08\/logo-mamadiza.jpg\" alt=\"\" class=\"wp-image-566\" style=\"width:135px\" srcset=\"https:\/\/biodiverscite17.fr\/wp-content\/uploads\/2025\/08\/logo-mamadiza.jpg 180w, https:\/\/biodiverscite17.fr\/wp-content\/uploads\/2025\/08\/logo-mamadiza-150x150.jpg 150w\" sizes=\"auto, (max-width: 180px) 100vw, 180px\" \/><\/figure>\n<\/div><\/div>\n\n\n\n<p>Adiza a repris la ferme familiale avec son mari Paul. Gr\u00e2ce \u00e0 leurs 65 vaches laiti\u00e8res qui font du bon lait frais 2 fois par jour, elle fabrique ses fameux fromages les Gabirottes, qui m\u00e9tissent les terroirs et exaltent les papilles.<br><strong>Produits&nbsp;:<\/strong><br><strong>Toute l\u2019ann\u00e9e<\/strong><br>\u2022 La gabirotte<br>\u2022 La tomme nature, la tomme \u00e0 l\u2019ail des ours, la tomme fenugrec<br>\u2022 Le p\u2019tit octave (fromage frais nature au lait de vache)<br>\u2022 Fromage blanc, yaourt nature et yaourt aromatis\u00e9<br><br><a href=\"https:\/\/www.mamadiza.fr\" target=\"_blank\" rel=\"noreferrer noopener\"><strong>www.mamadiza.fr<\/strong><\/a><\/p>\n\n\n\n<h5 class=\"wp-block-heading has-base-color has-secondary-background-color has-text-color has-background has-link-color wp-elements-3fdd172b7e485afa975f98e0bec5bc76\" id=\"dimitri\"><strong><strong><strong><strong>F<strong>amille Sallaud-Pillet &#8211; EARL Boubes<\/strong><\/strong><\/strong><\/strong><\/strong><\/h5>\n\n\n\n<div class=\"wp-block-media-text is-stacked-on-mobile\" style=\"grid-template-columns:33% auto\"><figure class=\"wp-block-media-text__media\"><img loading=\"lazy\" decoding=\"async\" width=\"480\" height=\"315\" src=\"https:\/\/biodiverscite17.fr\/wp-content\/uploads\/2025\/08\/Dimitri-Sallaud.png\" alt=\"\" class=\"wp-image-569 size-full\" srcset=\"https:\/\/biodiverscite17.fr\/wp-content\/uploads\/2025\/08\/Dimitri-Sallaud.png 480w, https:\/\/biodiverscite17.fr\/wp-content\/uploads\/2025\/08\/Dimitri-Sallaud-300x197.png 300w\" sizes=\"auto, (max-width: 480px) 100vw, 480px\" \/><\/figure><div class=\"wp-block-media-text__content\">\n<p><strong>Dimitri SALLAUD-PILLET<br>Le Grate Chat, 7 Impasse du Pr\u00e9 Ravart<br>17600 M\u00e9dis<\/strong><\/p>\n\n\n\n<p>March\u00e9 de Royan Tous les jours en \u00e9t\u00e9 et les mercredi, vendredi, samedi et dimanche le reste de l\u2019ann\u00e9e<br>Vente en <a href=\"https:\/\/www.scoubeedoo.fr\/producteur\/earl-boubes\/\" data-type=\"link\" data-id=\"https:\/\/www.scoubeedoo.fr\/producteur\/earl-boubes\/\" target=\"_blank\" rel=\"noreferrer noopener\">ligne sur Scoubeedo<\/a><\/p>\n<\/div><\/div>\n\n\n\n<p>Sur l\u2019entreprise familiale de 95 hectares, situ\u00e9e \u00e0 M\u00e9dis, Dimitri Sallaud-Pillet et sa famille font du mara\u00eechage, de l\u2019arboriculture, dont de tr\u00e8s bonnes pommes presque toute l\u2019ann\u00e9e, et la transformation de c\u00e9r\u00e9ales, farine et pains, le tout en agriculture biologique depuis 15ans.<br>Il est possible de trouver tous ses bons produits sur le march\u00e9 de Royan, et la farine est \u00e9galement disponible avec Scoubeedo. (Vente de produits locaux en ligne).<\/p>\n\n\n\n<h5 class=\"wp-block-heading has-base-color has-secondary-background-color has-text-color has-background has-link-color wp-elements-c39cc6f440d85c8a6af70bdeb313a178\" id=\"saveurs-paysannes\"><strong><strong><strong><strong>saveurs paysannes charentaises<\/strong><\/strong><\/strong><\/strong><\/h5>\n\n\n\n<div class=\"wp-block-media-text is-stacked-on-mobile\" style=\"grid-template-columns:33% auto\"><figure class=\"wp-block-media-text__media\"><img loading=\"lazy\" decoding=\"async\" width=\"858\" height=\"572\" src=\"https:\/\/biodiverscite17.fr\/wp-content\/uploads\/2025\/08\/saveurs-paysannes.jpg\" alt=\"\" class=\"wp-image-598 size-full\" srcset=\"https:\/\/biodiverscite17.fr\/wp-content\/uploads\/2025\/08\/saveurs-paysannes.jpg 858w, https:\/\/biodiverscite17.fr\/wp-content\/uploads\/2025\/08\/saveurs-paysannes-300x200.jpg 300w, https:\/\/biodiverscite17.fr\/wp-content\/uploads\/2025\/08\/saveurs-paysannes-768x512.jpg 768w\" sizes=\"auto, (max-width: 858px) 100vw, 858px\" \/><\/figure><div class=\"wp-block-media-text__content\">\n<p><strong>SAS SAVEURS PAYSANNES CHARENTAISES<br>36 rue Van Gogh<br>17600 Saujon<\/strong><br><a href=\"https:\/\/www.saveurs-paysannes-charentaises.fr\/\" target=\"_blank\" rel=\"noreferrer noopener\">www.saveurs-paysannes-charentaises.fr<\/a><br>Coop de St Augustin<br>Mon primeur \u00e0 Saujon<br>La vie claire \u00e0 Vaux-sur-Mer<br>Le beaupr\u00e9 \u00e0 Royan<br>Vente en ligne sur Scoubeedo<br><a href=\"https:\/\/www.scoubeedoo.fr\/\" target=\"_blank\" rel=\"noreferrer noopener\">www.scoubeedoo.fr<\/a><\/p>\n<\/div><\/div>\n\n\n\n<p>Collectif de producteurs locaux, Saveurs paysannes charentaises \u0153uvre au<br>d\u00e9veloppement des circuits courts de proximit\u00e9 en valorisant plusieurs esp\u00e8ces de<br>viandes et autres produits en provenance d\u2019exploitations locales, d\u00e9coup\u00e9s et cuisin\u00e9s<br>dans cet atelier agroalimentaire de dimension artisanale.<\/p>\n\n\n\n<hr class=\"wp-block-separator has-text-color has-secondary-color has-alpha-channel-opacity has-secondary-background-color has-background is-style-wide\"\/>\n\n\n\n<h2 class=\"wp-block-heading has-text-align-center has-secondary-color has-text-color has-link-color wp-elements-f097ddcc892174e3c17a5f390787f43f\" id=\"associations\">Les associations organisatrices<\/h2>\n\n\n\n<figure class=\"wp-block-image size-full\"><img loading=\"lazy\" decoding=\"async\" width=\"170\" height=\"132\" src=\"https:\/\/biodiverscite17.fr\/wp-content\/uploads\/2025\/08\/Image1.png\" alt=\"\" class=\"wp-image-580\"\/><figcaption class=\"wp-element-caption\"><strong>V\u00e9lo Pays Royannais<\/strong> est une association sans but lucratif, affili\u00e9e \u00e0 la f\u00e9d\u00e9ration Usagers de la Bicyclette (FUB). Elle a pour objet de promouvoir la pratique du v\u00e9lo au quotidien, faciliter et am\u00e9liorer le r\u00e9seau cyclable, s\u00e9curiser la pratique du v\u00e9lo sur les 33 communes de la communaut\u00e9 d\u2019agglom\u00e9ration Royan Atlantique.<br><strong>Plus d\u2019info<\/strong> :&nbsp;<a href=\"https:\/\/velopaysroyannais.org\/\" target=\"_blank\" rel=\"noreferrer noopener\">https:\/\/velopaysroyannais.org\/<\/a><br><strong>Mail<\/strong> :&nbsp;<a href=\"mailto:vpr@mailo.com\" target=\"_blank\" rel=\"noreferrer noopener\">vpr@mailo.com<\/a><\/figcaption><\/figure>\n\n\n\n<div style=\"height:20px\" aria-hidden=\"true\" class=\"wp-block-spacer\"><\/div>\n\n\n\n<figure class=\"wp-block-image size-full is-resized\"><img loading=\"lazy\" decoding=\"async\" width=\"839\" height=\"595\" src=\"http:\/\/biodiverscite17.fr\/wp-content\/uploads\/2023\/02\/BDC_logo.png\" alt=\"\" class=\"wp-image-38\" style=\"width:207px;height:auto\" srcset=\"https:\/\/biodiverscite17.fr\/wp-content\/uploads\/2023\/02\/BDC_logo.png 839w, https:\/\/biodiverscite17.fr\/wp-content\/uploads\/2023\/02\/BDC_logo-300x213.png 300w, https:\/\/biodiverscite17.fr\/wp-content\/uploads\/2023\/02\/BDC_logo-768x545.png 768w\" sizes=\"auto, (max-width: 839px) 100vw, 839px\" \/><figcaption class=\"wp-element-caption\">Notre association <strong>Bio-Divers &amp; Cit\u00e9 <\/strong>souhaite cr\u00e9er un \u00e9lan populaire autour de l\u2019alimentation en lien avec la CARA dans le cadre du PAT (Plan d\u2019Alimentation Territorial), en renfor\u00e7ant les liens entre les producteurs et les habitants.<br><strong>Plus d\u2019info<\/strong> :&nbsp;<a href=\"https:\/\/zagites\" target=\"_blank\" rel=\"noreferrer noopener\">https:\/\/biodiverscite17.fr<\/a><br><strong>Mail<\/strong> :&nbsp;<a href=\"mailto:contact@biodiverscite17.fr\" target=\"_blank\" rel=\"noreferrer noopener\">contact@biodiverscite17.fr<\/a><\/figcaption><\/figure>\n\n\n\n<div style=\"height:20px\" aria-hidden=\"true\" class=\"wp-block-spacer\"><\/div>\n\n\n\n<figure class=\"wp-block-image size-full\"><img loading=\"lazy\" decoding=\"async\" width=\"246\" height=\"113\" src=\"https:\/\/biodiverscite17.fr\/wp-content\/uploads\/2025\/08\/Image2.png\" alt=\"\" class=\"wp-image-582\"\/><figcaption class=\"wp-element-caption\">Au c\u0153ur de l\u2019\u00e9conomie sociale et solidaire, notre association <strong>Les Z&rsquo;agit\u00e9s du Local<\/strong> a pour vocation d&rsquo;animer un tiers lieu sur Saujon, qui serait une plateforme et un lieu de savoirs et d\u2019\u00e9changes , cr\u00e9ant des liens entre la population, les associations et\/ou toute autre organisation \u0153uvrant dans le domaine social, solidaire, artistique, \u00e9cologique et culturel.<br><strong>Plus d\u2019info<\/strong> :&nbsp;<a href=\"https:\/\/zagitesdulocal.org\/\" target=\"_blank\" rel=\"noreferrer noopener\">https:\/\/zagitesdulocal.org\/<\/a><br><strong>Mail<\/strong> :&nbsp;<a href=\"mailto:contact@zagitesdulocal.org\" target=\"_blank\" rel=\"noreferrer noopener\">contact@zagitesdulocal.org<\/a><br><strong>Contact<\/strong>&nbsp;: Julien MARTIN \/ 06 09 66 96 40<\/figcaption><\/figure>\n\n\n\n<div style=\"height:20px\" aria-hidden=\"true\" class=\"wp-block-spacer\"><\/div>\n\n\n\n<figure class=\"wp-block-image size-full\"><img loading=\"lazy\" decoding=\"async\" width=\"272\" height=\"113\" src=\"https:\/\/biodiverscite17.fr\/wp-content\/uploads\/2025\/08\/Image3.png\" alt=\"\" class=\"wp-image-583\"\/><figcaption class=\"wp-element-caption\">Notre association <strong>Z\u00e9ro D\u00e9chet Pays Royannais<\/strong> intervient sur tout le secteur de la CARA avec pour mission principale de mettre en avant la d\u00e9marche z\u00e9ro d\u00e9chet \/ z\u00e9ro gaspillage ainsi que les probl\u00e9matiques li\u00e9es aux d\u00e9chets et \u00e0 leur gestion.<br><strong>Plus d\u2019info<\/strong> :&nbsp;<a href=\"https:\/\/sites.google.com\/view\/zd-pays-royannais\" target=\"_blank\" rel=\"noreferrer noopener\">https:\/\/sites.google.com\/view\/zd-pays-royannais<\/a><br><strong>Mail<\/strong> :&nbsp;<a href=\"mailto:paysroyannais@zerowastefrance.org\" target=\"_blank\" rel=\"noreferrer noopener\">paysroyannais@zerowastefrance.org<\/a><br><strong>Contact<\/strong>&nbsp;: Julien MARTIN \/ 06 09 66 96 40<\/figcaption><\/figure>\n\n\n\n<div style=\"height:20px\" aria-hidden=\"true\" class=\"wp-block-spacer\"><\/div>\n\n\n\n<figure class=\"wp-block-image size-full\"><img loading=\"lazy\" decoding=\"async\" width=\"241\" height=\"96\" src=\"https:\/\/biodiverscite17.fr\/wp-content\/uploads\/2025\/08\/Image4-1.png\" alt=\"\" class=\"wp-image-584\"\/><figcaption class=\"wp-element-caption\">Bas\u00e9e \u00e0 Meschers-sur-Gironde, notre association <strong>Les Sonorit\u00e9s Diatoniques<\/strong>, port\u00e9e par quatre trentenaires du territoire Royannais, promeut la culture artistique et musicale, avec un focus sur les musiques \u00e9lectroniques. Engag\u00e9s sur une d\u00e9marche RSO et ESS, nous valorisons toute l&rsquo;ann\u00e9e le territoire ou nous vivons \u00e0 travers des actions comme le festival Les Sables \u00c9lectroniques, organis\u00e9 chaque ann\u00e9e en avant-saison.<br><strong>Plus d\u2019info<\/strong> : <a href=\"https:\/\/les-sonorites-diatoniques.fr\/\" target=\"_blank\" rel=\"noreferrer noopener\">https:\/\/les-sonorites-diatoniques.fr\/<\/a><br><strong>Mail<\/strong> : <a href=\"mailto:contact@les-sonorites-diatoniques.fr\" target=\"_blank\" rel=\"noreferrer noopener\">contact@les-sonorites-diatoniques.fr<\/a><\/figcaption><\/figure>\n\n\n\n<p><\/p>\n","protected":false},"excerpt":{"rendered":"<p>Programme Circuit v\u00e9lo \u201crencontre des producteurs\u201d A partir de 9h30 Rendez-vous des cyclistes au parking du cimeti\u00e8re \u00e0 Saujon (pour ceux qui arrivent par le train de 9h39 \u00e0 la gare, il faut 7\/8 mn pour rejoindre le parking) Aux jardins d\u2019Armelys chez Fr\u00e9d\u00e9ric Gombaut Les jardins de Malleville chez Yohann Hermineau (pause d\u00e9jeuner de [&hellip;]<\/p>\n","protected":false},"author":1,"featured_media":594,"parent":0,"menu_order":0,"comment_status":"closed","ping_status":"closed","template":"","meta":{"footnotes":""},"class_list":["post-534","page","type-page","status-publish","has-post-thumbnail","hentry"],"_links":{"self":[{"href":"https:\/\/biodiverscite17.fr\/index.php\/wp-json\/wp\/v2\/pages\/534","targetHints":{"allow":["GET"]}}],"collection":[{"href":"https:\/\/biodiverscite17.fr\/index.php\/wp-json\/wp\/v2\/pages"}],"about":[{"href":"https:\/\/biodiverscite17.fr\/index.php\/wp-json\/wp\/v2\/types\/page"}],"author":[{"embeddable":true,"href":"https:\/\/biodiverscite17.fr\/index.php\/wp-json\/wp\/v2\/users\/1"}],"replies":[{"embeddable":true,"href":"https:\/\/biodiverscite17.fr\/index.php\/wp-json\/wp\/v2\/comments?post=534"}],"version-history":[{"count":28,"href":"https:\/\/biodiverscite17.fr\/index.php\/wp-json\/wp\/v2\/pages\/534\/revisions"}],"predecessor-version":[{"id":602,"href":"https:\/\/biodiverscite17.fr\/index.php\/wp-json\/wp\/v2\/pages\/534\/revisions\/602"}],"wp:featuredmedia":[{"embeddable":true,"href":"https:\/\/biodiverscite17.fr\/index.php\/wp-json\/wp\/v2\/media\/594"}],"wp:attachment":[{"href":"https:\/\/biodiverscite17.fr\/index.php\/wp-json\/wp\/v2\/media?parent=534"}],"curies":[{"name":"wp","href":"https:\/\/api.w.org\/{rel}","templated":true}]}}